{"id":26,"date":"2015-05-30T12:21:56","date_gmt":"2015-05-30T10:21:56","guid":{"rendered":"http:\/\/www.klaunika.eu\/?page_id=26"},"modified":"2026-03-29T11:57:22","modified_gmt":"2026-03-29T09:57:22","slug":"i-divadle","status":"publish","type":"page","link":"https:\/\/www.klaunika.eu\/?page_id=26","title":{"rendered":"O DIVADLE"},"content":{"rendered":"\t\t<div data-elementor-type=\"wp-page\" data-elementor-id=\"26\" class=\"elementor elementor-26\">\n\t\t\t\t\t\t<section class=\"elementor-section elementor-top-section elementor-element elementor-element-9eb4927 elementor-section-boxed elementor-section-height-default elementor-section-height-default\" data-id=\"9eb4927\" data-element_type=\"section\" data-e-type=\"section\">\n\t\t\t\t\t\t<div class=\"elementor-container elementor-column-gap-default\">\n\t\t\t\t\t<div class=\"elementor-column elementor-col-100 elementor-top-column elementor-element elementor-element-4c2cada\" data-id=\"4c2cada\" data-element_type=\"column\" data-e-type=\"column\">\n\t\t\t<div class=\"elementor-widget-wrap elementor-element-populated\">\n\t\t\t\t\t\t<div class=\"elementor-element elementor-element-616b1f9a elementor-widget elementor-widget-text-editor\" data-id=\"616b1f9a\" data-element_type=\"widget\" data-e-type=\"widget\" data-widget_type=\"text-editor.default\">\n\t\t\t\t<div class=\"elementor-widget-container\">\n\t\t\t\t\t\t\t\t\t<h3 style=\"text-align: center;\"><span style=\"font-family: helvetica, arial, sans-serif;\"><strong><span style=\"color: #ff0000;\">DIVADLO KLAUNIKY BRNO<\/span><\/strong><\/span><\/h3>\n<p style=\"text-align: justify;\"><span style=\"font-family: helvetica, arial, sans-serif;\"><a href=\"https:\/\/www.klaunika.eu\/wp-content\/uploads\/2015\/05\/zden\u00e1l.jpg\"><img decoding=\"async\" src=\"https:\/\/www.klaunika.eu\/wp-content\/uploads\/2015\/05\/zden\u00e1l-300x157.jpg\" alt=\"zden\u00e1l\" width=\"277\" height=\"145\"><\/a>Bylo zalo\u017eeno roku 1986 p\u00e1ny Zde\u0148kem Kor\u010di\u00e1nem a Zde\u0148kem Maz\u00e1\u010dem, \u017e\u00e1ky Bolka Pol\u00edvky.<\/span><\/p>\n<p style=\"text-align: justify;\"><span style=\"font-family: helvetica, arial, sans-serif;\">Prvn\u00ed divadeln\u00ed po\u010diny vznikly ji\u017e v polovin\u011b 70. let. Roku 1990 se Divadlo Klauniky stalo v tehdej\u0161\u00edm \u010ceskoslovensku prvn\u00ed soukromou sc\u00e9nou humoru, kter\u00e1 letech 1990\/91 nalezla sv\u00e9 st\u00e1l\u00e9 s\u00eddlo v Divadle Na Z\u00e1me\u010dku v Kr\u00e1lov\u011b Poli. Ov\u0161em na pouhou jednu divadeln\u00ed sezonu. Brzy toti\u017e oba um\u011blci pochopili, \u017ee jejich form\u011b vyjad\u0159ov\u00e1n\u00ed, jejich otev\u0159en\u00e9mu divadeln\u00edmu jazyku neodpov\u00edd\u00e1 usazen\u00fd a d\u016fkladn\u011b prochozen\u00fd prostor domovsk\u00e9 sc\u00e9ny. A tak za\u010dalo Divadlo Klauniky putovat po vlastech \u010desk\u00fdch&nbsp; a slovensk\u00fdch, a \u010dasto tak\u00e9 daleko za jejich hranice.<\/span><\/p>\n<p style=\"text-align: justify;\"><span style=\"font-family: helvetica, arial, sans-serif;\">V\u0161echny inscenace uveden\u00e9 Divadlem Klauniky do roku 2000 byly d\u00edly autorsk\u00fdmi, i v p\u0159\u00edpad\u011b slavn\u00e9 inscenace Dona Quijota se jedn\u00e1 o sv\u00e9r\u00e1zn\u00fd p\u0159epis. Charakteristick\u00fdmi znaky klaunick\u00e9 tvorby jsou absurdita, mystifikace, legrace, improvizace, provokace, recese, komunikativnost a p\u0159edev\u0161\u00edm otev\u0159enost a hravost.<\/span><\/p>\n<p style=\"text-align: justify;\"><span style=\"font-family: helvetica, arial, sans-serif;\">Do \u0161irok\u00e9ho pov\u011bdom\u00ed se toto brn\u011bnsk\u00e9 divadlo dostalo zejm\u00e9na d\u00edky inscenaci <a title=\"Don Quijote\" href=\"https:\/\/www.klaunika.eu\/?page_id=54\">Don Quijote de la mAncha<\/a>, kter\u00e1 m\u00e1 dnes ji\u017e p\u0159es 5.500 repr\u00edz a stala se nejhran\u011bj\u0161\u00edm p\u0159edstaven\u00edm v Evrop\u011b. V roce 2023 oslavila 35 let sv\u00e9 existence.<\/span><\/p>\n<p><span style=\"font-family: helvetica, arial, sans-serif;\">Z\u00e1rove\u0148 se jeho \u010dlenov\u00e9 ji\u017e t\u00e9m\u011b\u0159 p\u011btadvacet let pod\u00edlej\u00ed na <a href=\"https:\/\/www.klaunika.eu\/?page_id=5185\">teatroterapeutick\u00fdch projektech<\/a>, jejich\u017e v\u00fdsledkem jsou zcela nenapodobiteln\u00e9 <a href=\"https:\/\/www.klaunika.eu\/?page_id=28\">inscenace<\/a>&nbsp; a <a href=\"https:\/\/www.klaunika.eu\/?page_id=1280\">Integra\u010dn\u00ed festival Quijotova \u0161edes\u00e1tka.&nbsp;<\/a><\/span><\/p>\n<p><\/p>\n<h4 style=\"text-align: center;\"><span style=\"color: #ff0000; font-family: arial, helvetica, sans-serif;\"><strong>P\u0158EHLED NEJZAJ\u00cdMAV\u011aJ\u0160\u00cdCH PO\u010cIN\u016e:<\/strong><\/span><\/h4>\n<p><span style=\"font-family: helvetica, arial, sans-serif;\"><strong>Do roku 2000:<\/strong><\/span><\/p>\n<ul>\n<li style=\"text-align: left;\"><span style=\"font-family: helvetica, arial, sans-serif;\"><span style=\"color: #ff0000;\"><em>D\u00e1v\u00e1me V\u00e1m v\u00fdpov\u011b\u010f 3+1plus jeden<\/em><\/span> &#8211; autorsk\u00e9 satirick\u00e9 kabaretn\u00ed p\u00e1smo<\/span><\/li>\n<li style=\"text-align: left;\"><span style=\"color: #ff0000; font-family: helvetica, arial, sans-serif;\"><em>Podivuhodn\u00e9 odpoledne dr. Zvonka Burkeho<\/em><\/span><\/li>\n<li style=\"text-align: left;\"><span style=\"font-family: helvetica, arial, sans-serif;\"><em><span style=\"color: #ff0000;\">Apr\u00edlov\u00fd mal\u00fd velk\u00fd mu\u017e<\/span> &#8211; <\/em>happening pro \u010cST Praha<\/span><\/li>\n<li style=\"text-align: left;\"><span style=\"font-family: helvetica, arial, sans-serif;\"><em><span style=\"color: #ff0000;\">V\u00edtejte na Rolnick\u00e9<\/span> &#8211; <\/em>happeningov\u00e9 textapealov\u00e9 p\u00e1smo&nbsp; &nbsp; &nbsp; &nbsp; &nbsp; &nbsp; &nbsp; &nbsp; &nbsp;s v\u00fdstavkou<\/span><\/li>\n<li style=\"text-align: left;\"><span style=\"font-family: helvetica, arial, sans-serif;\"><a title=\"Kon\u017eert\" href=\"https:\/\/www.klaunika.eu\/?page_id=61\"><em>Kon\u017eert I<\/em><\/a> &#8211; komorn\u00ed mluven\u00e1 klauniky\u00e1da, p\u0159i kter\u00e9 dva herci naru\u0161uj\u00ed \u010dtvrtou Stanislavsk\u00e9ho prostorovou st\u011bnu<\/span><\/li>\n<li style=\"text-align: left;\"><span style=\"font-family: helvetica, arial, sans-serif;\"><em><span style=\"color: #ff0000;\">Konkurz<\/span> &#8211; <\/em>kolektivn\u00ed autorsk\u00e9 p\u0159edstaven\u00ed, kter\u00e9 vzniklo jako v\u00fdsledek divadeln\u00ed d\u00edlny v J\u00e1sinov\u011b u Boskovic<\/span><\/li>\n<li style=\"text-align: left;\"><span style=\"font-family: helvetica, arial, sans-serif;\"><em><a title=\"Kon\u017eert\" href=\"https:\/\/www.klaunika.eu\/?page_id=61\">Kon\u017eert II<\/a> &#8211; <\/em>komorn\u00ed mluven\u00e1 klauniky\u00e1da, p\u0159i kter\u00e9 je \u010dtvrt\u00e1 Stanislavsk\u00e9ho st\u011bna zcela zbo\u0159ena<\/span><\/li>\n<li style=\"text-align: left;\"><span style=\"font-family: helvetica, arial, sans-serif;\"><a title=\"Don Quijote de la mAncha\" href=\"https:\/\/www.klaunika.eu\/?page_id=54\"><em>Don Quijote de la mAncha <\/em><\/a>&#8211; didaktick\u00e1 klauniky\u00e1da uchopen\u00e1 dle vzoru velk\u00e9ho \u010desk\u00e9ho emigranta J. A. Komensk\u00e9ho na motivy rom\u00e1nu M. Cervantese Saavedry za re\u017eijn\u00edho veden\u00ed&nbsp; B. Pol\u00edvky (prem. 4. 3. 1988 v Brn\u011b, v b\u00fdval\u00e9 kapli \u0159eholn\u00edch sester. Posledn\u00ed p\u0159edstaven\u00ed se odehr\u00e1lo 4. 12. 2024 v Kulturn\u00edm dom\u011b obce Z\u00e1\u0159\u00ed\u010d\u00ed).<\/span><\/li>\n<li style=\"text-align: left;\"><span style=\"font-family: helvetica, arial, sans-serif;\"><span style=\"color: #ff0000;\"><em>Br\u0148an\u00e9 krajan\u016fm<\/em><\/span> &#8211; prvn\u00ed \u010desk\u00e1 kulturn\u00ed mise do Kazachst\u00e1nu za na\u0161imi stavba\u0159i do Aksaie<\/span><\/li>\n<li style=\"text-align: left;\"><span style=\"font-family: helvetica, arial, sans-serif;\"><em><span style=\"color: #ff0000;\">Lipnick\u00fd \u0160vejk<\/span> &#8211; <\/em>divadeln\u00ed d\u00edlna v lomu v Lipnici nad S\u00e1zavou<\/span><\/li>\n<li style=\"text-align: left;\"><span style=\"font-family: helvetica, arial, sans-serif;\"><em><span style=\"color: #ff0000;\">Soukrom\u00e1 sc\u00e9na humoru na Z\u00e1me\u010dku<\/span> &#8211; <\/em>Divadlo Klauniky otev\u0159elo st\u00e1lou sc\u00e9nu v Brn\u011b pro sv\u00e1 p\u0159edstaven\u00ed i hostuj\u00edc\u00ed soubory (slavnostn\u00ed otev\u0159en\u00ed &#8211; dne 3. \u0159\u00edjna p\u0159edstaven\u00edm <em>Dona Quijota<\/em>)<\/span><\/li>\n<li style=\"text-align: left;\"><span style=\"font-family: helvetica, arial, sans-serif;\"><em><a title=\"FESTIVALY\" href=\"https:\/\/www.klaunika.eu\/?page_id=202\">Komedie na Z\u00e1mku<\/a> &#8211; <\/em>p\u011btidenn\u00ed festival humoru zakon\u010den\u00fd silvestrovsk\u00fdm plesem klaun\u016f (27.-31.12. 1990)<\/span><\/li>\n<li style=\"text-align: left;\"><span style=\"font-family: helvetica, arial, sans-serif;\"><em><span style=\"color: #ff0000;\">Gruppenstisk<\/span> &#8211; <\/em>prvn\u00ed odv\u00e1\u017en\u00fd pokus o divadeln\u00ed uchopen\u00ed erotodramatu (prem. 24. 10. 1990)<\/span><\/li>\n<li style=\"text-align: left;\"><span style=\"font-family: helvetica, arial, sans-serif;\"><a title=\"FESTIVALY\" href=\"https:\/\/www.klaunika.eu\/?page_id=202\"><em>Nuda 91 a 92<\/em><\/a> &#8211; dvoum\u011bs\u00ed\u010dn\u00ed letn\u00ed festivaly v Brn\u011b<\/span><\/li>\n<li style=\"text-align: left;\"><span style=\"font-family: helvetica, arial, sans-serif;\"><em><span style=\"color: #ff0000;\">Klaunika didaktika<\/span> &#8211; <\/em>putovn\u00ed divadeln\u00ed projekt k 400let\u00e9mu v\u00fdro\u010d\u00ed nar. J. A. Komensk\u00e9ho. s obs\u00e1hlou v\u00fdstavou, p\u0159es 100 p\u0159edstaven\u00ed ve 40 m\u011bstech \u010cR<\/span><\/li>\n<li style=\"text-align: left;\"><span style=\"font-family: helvetica, arial, sans-serif;\"><em><a title=\"FESTIVALY\" href=\"https:\/\/www.klaunika.eu\/?page_id=202\">Lipnick\u00fd mantl<\/a> &#8211; <\/em>zalo\u017een\u00ed a otev\u0159en\u00ed lipnick\u00e9ho <a title=\"Divadeln\u00ed domek Lipnice nad S\u00e1zavou\" href=\"https:\/\/www.klaunika.eu\/?page_id=32\">Divadeln\u00edho domku<\/a> spolu s obnoven\u00edm tradice lipnick\u00fdch festival\u016f humoru, vznik a ud\u00edlen\u00ed presti\u017en\u00ed ceny Zlat\u00fd Ha\u0161ek, festival se do\u010dkal deseti ro\u010dn\u00edk\u016f<\/span><\/li>\n<li style=\"text-align: left;\"><span style=\"font-family: helvetica, arial, sans-serif;\"><em><span style=\"color: #ff0000;\">Sbohem, M\u00e1rfy<\/span> &#8211; <\/em>divadeln\u00ed projekt z oblasti prim\u00e1rn\u00ed prevence negativn\u00edch jev\u016f<\/span><\/li>\n<\/ul>\n<p style=\"text-align: left;\"><span style=\"font-family: helvetica, arial, sans-serif;\"><strong>Po roce 2000:<\/strong><\/span><\/p>\n<ul>\n<li style=\"text-align: left;\"><span style=\"font-family: helvetica, arial, sans-serif;\"><span style=\"color: #ff0000;\"><em>Oby\u010dejn\u00e9 ve\u010dery <\/em><\/span>&#8211; cyklus liter\u00e1rn\u00edch ve\u010der\u016f L. Valachov\u00e9 v re\u017eii&nbsp; &nbsp; Z. Maz\u00e1\u010de (2000)<\/span><\/li>\n<li style=\"text-align: left;\"><span style=\"font-family: helvetica, arial, sans-serif;\"><em><a href=\"http:\/\/www.korcian.cz\/docs\/hry\/rev.php\" target=\"_blank\" rel=\"noopener noreferrer\">Nesly\u0161iteln\u00fd \u0159ev um\u011bn\u00ed <\/a>&#8211; <\/em>autorsk\u00e1 inscenace Z. Kor\u010di\u00e1na v re\u017eii&nbsp; &nbsp; Z. Maz\u00e1\u010de (prem. 15. 5. 2001)<\/span><\/li>\n<li style=\"text-align: left;\"><span style=\"font-family: helvetica, arial, sans-serif;\"><em><a title=\"Na\u0161i poslanci\" href=\"https:\/\/www.klaunika.eu\/?page_id=104\">Strana m\u00edrn\u00e9ho pokroku v mez\u00edch z\u00e1kona tedy p\u0159\u00edrodn\u00edho &#8211; <\/a><\/em>teatroterapeutick\u00fd projekt s integra\u010dn\u00edm z\u00e1m\u011brem (od roku 2003)<\/span><\/li>\n<li style=\"text-align: left;\"><span style=\"font-family: helvetica, arial, sans-serif;\"><em><a title=\"Voli\u010dsk\u00e1 kampa\u0148\" href=\"https:\/\/www.klaunika.eu\/?page_id=57\">Voli\u010dsk\u00e1 kampa\u0148 Strany m\u00edrn\u00e9ho pokroku v mez\u00edch z\u00e1kona tedy p\u0159\u00edrodn\u00edho<\/a> &#8211; <\/em>inscenace, je\u017e je v\u00fdsledkem teatroterapeutick\u00e9ho projektu SMPvMZ (prem. 26. 1. 2004)<\/span><\/li>\n<li style=\"text-align: left;\"><span style=\"font-family: helvetica, arial, sans-serif;\"><a href=\"https:\/\/www.klaunika.eu\/?page_id=109\"><em>Vinn\u00e9 \u00fastran\u00ed<\/em><\/a> &#8211; integra\u010dn\u00ed projekt SMPvMZ (od roku 2006)&nbsp;<\/span><\/li>\n<li style=\"text-align: left;\"><span style=\"font-family: helvetica, arial, sans-serif;\"><em><a title=\"Vernis\u00e1\u017ee\" href=\"https:\/\/www.klaunika.eu\/?page_id=132\">Vernis\u00e1\u017ee<\/a> &#8211; <\/em>divadlo zaji\u0161\u0165uje origin\u00e1ln\u00ed kulturn\u00ed program na vernis\u00e1\u017e\u00edch, nejen ve <a href=\"https:\/\/www.facebook.com\/VinnySklipekOrli\/\">Vinn\u00e9m skl\u00edpku na Orl\u00ed 1<\/a>&nbsp;(od roku 2009)<\/span><\/li>\n<li style=\"text-align: left;\"><span style=\"font-family: helvetica, arial, sans-serif;\"><em><a title=\"And\u011blsk\u00fd kabaret\" href=\"https:\/\/www.klaunika.eu\/?page_id=59\">And\u011blsk\u00fd kabaret<\/a> &#8211; <\/em>hudebn\u011b poetick\u00e1 teatroterapeutick\u00e1 inscenace SMPvMZ (2011)<\/span><\/li>\n<li style=\"text-align: left;\"><span style=\"font-family: helvetica, arial, sans-serif;\"><em><a href=\"https:\/\/www.klaunika.eu\/?page_id=1468\">Mal\u00e9 velk\u00e9 kabaretn\u00ed panoptikum<\/a><\/em> \u2013&nbsp;<\/span><span style=\"letter-spacing: normal; text-align: justify;\">&nbsp;jedine\u010dn\u00fd integra\u010dn\u00ed projekt, kter\u00fd vznikl ze spolupr\u00e1ce profesion\u00e1ln\u00edch herc\u016f, \u010dlen\u016f d\u011btsk\u00e9ho dramatick\u00e9ho krou\u017eku a herc\u016f s handicapem<\/span><\/li>\n<li style=\"text-align: left;\"><span style=\"font-family: helvetica, arial, sans-serif;\"><em><a title=\"Quijotova 60tka 2013\" href=\"https:\/\/www.klaunika.eu\/?page_id=1280\">Quijotova \u0161edes\u00e1tka<\/a> &#8211; <\/em>folkov\u00fd a divadeln\u00ed festival v Lipnici nad S\u00e1zavou k princip\u00e1lov\u011b v\u00fdznamn\u00e9mu v\u00fdro\u010d\u00ed. Pro n\u00e1sleduj\u00edc\u00ed ro\u010dn\u00edky typick\u00fd integra\u010dn\u00edm p\u0159esahem (od roku 2013)&nbsp;<\/span><\/li>\n<li style=\"text-align: left;\"><span style=\"font-family: helvetica, arial, sans-serif;\"><span style=\"color: #ff0000;\"><em>Divadeln\u00ed penzion<\/em><\/span><em><a href=\"https:\/\/www.penzionlipuvka.eu\/\"><span style=\"color: #ff0000;\"> Lip\u016fvka<\/span> <\/a>&#8211; <\/em>otev\u0159en\u00ed penzionu v Jesen\u00edk\u00e1ch, chr\u00e1n\u011bn\u00e9 pracovi\u0161t\u011b a kulturn\u00ed p\u016fsobi\u0161t\u011b nejen SMPvMZ (od roku 2013)<\/span><\/li>\n<li style=\"text-align: left;\"><span style=\"font-family: helvetica, arial, sans-serif;\"><em><a href=\"https:\/\/www.klaunika.eu\/?page_id=1597\">Dramatick\u00e1 d\u00edlna <\/a>&#8211; <\/em>neboli <em>D\u00edlna dramatick\u00e9 v\u00fdchovy a teatroterapie<\/em> (2015-2020)<\/span><\/li>\n<li style=\"text-align: left;\"><span style=\"font-family: helvetica, arial, sans-serif;\"><a href=\"https:\/\/www.klaunika.eu\/?page_id=1717\"><em>Poh\u00e1dky v hantecu<\/em><\/a> &#8211; ryze brn\u011bnsk\u00e1 integra\u010dn\u00ed komedie, kter\u00e1 vznikla na po\u010dest Franty Kocourka (2017)<\/span><\/li>\n<li style=\"text-align: left;\"><span style=\"font-family: helvetica, arial, sans-serif;\"><em><a href=\"https:\/\/www.klaunika.eu\/?page_id=2371\">A kdo je \u0160vejk?<\/a><\/em> &#8211; origin\u00e1ln\u00ed zpracov\u00e1n\u00ed \u0160vejka za \u00fa\u010dasti herc\u016f&nbsp; &nbsp; &nbsp; &nbsp; s ment\u00e1ln\u00edm handicapem protkan\u00e9 p\u00edsn\u011bmi Karla Kryla&nbsp; &nbsp; &nbsp; &nbsp; &nbsp; &nbsp;(prem. 23. 8. 2019)<\/span><\/li>\n<li style=\"text-align: left;\"><span style=\"font-family: helvetica, arial, sans-serif;\"><em><a href=\"https:\/\/www.klaunika.eu\/?page_id=2030\">DonDon \u0160ajn<\/a> <\/em>&#8211; zpracov\u00e1n\u00ed opery Don Giovanni s hercem&nbsp; &nbsp; &nbsp; &nbsp; &nbsp; &nbsp; &nbsp; &nbsp;s Downov\u00fdm syndromem v roli Leporella (prem. 7. 8. 2021, host: Alexey Kudryavtsev)&nbsp;<\/span><\/li>\n<li style=\"text-align: left;\"><a href=\"https:\/\/www.klaunika.eu\/?page_id=5734\"><span style=\"color: #ff0000;\"><i>Kmotra li\u0161ka vypravuje<\/i><\/span><\/a> &#8211;&nbsp;<span style=\"font-size: inherit; letter-spacing: -0.2px; font-family: helvetica, arial, sans-serif;\">inscenace ur\u010den\u00e1 d\u011btem p\u0159ed\u0161koln\u00edho v\u011bku, hraje Zuzana Anna R\u00fat, re\u017eie: Z. Maz\u00e1\u010d (2024) N\u00e1sledn\u011b vznikla i upraven\u00e1 verze, kde \u00fa\u010dinkuj\u00ed rovn\u011b\u017e herci s handicapem \u2013 <a href=\"https:\/\/www.klaunika.eu\/?page_id=5753\"><em>Kmotra li\u0161ka z myslivny<\/em><\/a><\/span><\/li>\n<li style=\"text-align: left;\"><span style=\"font-size: inherit; letter-spacing: -0.2px; font-family: helvetica, arial, sans-serif;\"><em><a href=\"https:\/\/www.klaunika.eu\/?page_id=5076\">Sed\u011bl vodn\u00edk pod Erbenem<\/a><\/em> &#8211; komedi\u00e1ln\u011b\u2013hororov\u00e1 pod\u00edvan\u00e1 na motivy vybran\u00fdch balad Kytice z pov\u011bst\u00ed n\u00e1rodn\u00edch propojen\u00fdch hudbou A. Dvo\u0159\u00e1ka (prem. 1. 8. 2024)<\/span><\/li>\n<li><a href=\"https:\/\/www.klaunika.eu\/?page_id=5827\" target=\"_blank\">P\u00e9\u0165a a vlk<\/a>&nbsp;&#8211; symfonick\u00e1 poh\u00e1dka pro d\u011bti na motivy Prokofjevova stejnojmenn\u00e9ho baletu. Krom\u011b Zuzany Anny R\u00fat hraj\u00ed tak\u00e9 herci s handicapem. Posledn\u00ed re\u017eie Z. Maz\u00e1\u010de (prem. 25. 11. 2024)<\/li>\n<li><em><span style=\"color: #ff0000;\">Prodanka aneb Svatebn\u00ed v\u00fdprodej nad Smetanou<\/span> <\/em>&#8211; komedi\u00e1ln\u00ed OPERAce, je\u017e d\u00e1v\u00e1 nahl\u00e9dnout do z\u00e1kulis\u00ed na proces tvorby inscenace, zohled\u0148uje z\u00e1ludnosti Sabinova libreta, pootev\u00edr\u00e1 t\u00e9\u017e b\u011b\u017en\u011b skryt\u00e9 dve\u0159e teatroterapie (prem. 8. 8. 2025, n\u00e1m\u011bt: Z. Maz\u00e1\u010d, host\u00e9: Alexey Kudryavtsev a Sergej San\u017ea)<\/li>\n<\/ul>\n<p><span style=\"font-family: helvetica, arial, sans-serif;\"><\/span><\/p>\n<p><\/p>\t\t\t\t\t\t\t\t<\/div>\n\t\t\t\t<\/div>\n\t\t\t\t\t<\/div>\n\t\t<\/div>\n\t\t\t\t\t<\/div>\n\t\t<\/section>\n\t\t\t\t<\/div>\n\t\t","protected":false},"excerpt":{"rendered":"<p>DIVADLO KLAUNIKY BRNO Bylo zalo\u017eeno roku 1986 p\u00e1ny Zde\u0148kem Kor\u010di\u00e1nem a Zde\u0148kem Maz\u00e1\u010dem, \u017e\u00e1ky Bolka Pol\u00edvky. Prvn\u00ed divadeln\u00ed po\u010diny vznikly ji\u017e v polovin\u011b 70. let. Roku 1990 se Divadlo Klauniky stalo v tehdej\u0161\u00edm \u010ceskoslovensku prvn\u00ed soukromou sc\u00e9nou humoru, kter\u00e1 letech 1990\/91 nalezla sv\u00e9 st\u00e1l\u00e9 s\u00eddlo v Divadle Na Z\u00e1me\u010dku v Kr\u00e1lov\u011b Poli. Ov\u0161em na pouhou [&hellip;]<\/p>\n","protected":false},"author":1,"featured_media":0,"parent":0,"menu_order":0,"comment_status":"closed","ping_status":"open","template":"","meta":{"footnotes":""},"class_list":["post-26","page","type-page","status-publish","hentry"],"yoast_head":"<!-- This site is optimized with the Yoast SEO plugin v27.5 - https:\/\/yoast.com\/product\/yoast-seo-wordpress\/ -->\n<title>O DIVADLE - DIVADLO KLAUNIKY BRNO<\/title>\n<meta name=\"description\" content=\"O Divadle Klauniky, kter\u00e9 bylo zalo\u017eeno roku 1986 p\u00e1ny Zde\u0148kem Kor\u010di\u00e1nem a Zde\u0148kem Maz\u00e1\u010dem, \u017e\u00e1ky Bolka Pol\u00edvky. Souhrn historie a p\u0159ehled nejzaj\u00edmav\u011bj\u0161\u00edch po\u010din\u016f.\" \/>\n<meta name=\"robots\" content=\"index, follow, max-snippet:-1, max-image-preview:large, max-video-preview:-1\" \/>\n<link rel=\"canonical\" href=\"https:\/\/www.klaunika.eu\/?page_id=26\" \/>\n<meta property=\"og:locale\" content=\"cs_CZ\" \/>\n<meta property=\"og:type\" content=\"article\" \/>\n<meta property=\"og:title\" content=\"O DIVADLE - DIVADLO KLAUNIKY BRNO\" \/>\n<meta property=\"og:description\" content=\"O Divadle Klauniky, kter\u00e9 bylo zalo\u017eeno roku 1986 p\u00e1ny Zde\u0148kem Kor\u010di\u00e1nem a Zde\u0148kem Maz\u00e1\u010dem, \u017e\u00e1ky Bolka Pol\u00edvky. Souhrn historie a p\u0159ehled nejzaj\u00edmav\u011bj\u0161\u00edch po\u010din\u016f.\" \/>\n<meta property=\"og:url\" content=\"https:\/\/www.klaunika.eu\/?page_id=26\" \/>\n<meta property=\"og:site_name\" content=\"DIVADLO KLAUNIKY BRNO\" \/>\n<meta property=\"article:modified_time\" content=\"2026-03-29T09:57:22+00:00\" \/>\n<meta name=\"twitter:card\" content=\"summary_large_image\" \/>\n<meta name=\"twitter:label1\" content=\"Odhadovan\u00e1 doba \u010dten\u00ed\" \/>\n\t<meta name=\"twitter:data1\" content=\"5 minut\" \/>\n<script type=\"application\/ld+json\" class=\"yoast-schema-graph\">{\"@context\":\"https:\\\/\\\/schema.org\",\"@graph\":[{\"@type\":\"WebPage\",\"@id\":\"https:\\\/\\\/www.klaunika.eu\\\/?page_id=26\",\"url\":\"https:\\\/\\\/www.klaunika.eu\\\/?page_id=26\",\"name\":\"O DIVADLE - DIVADLO KLAUNIKY BRNO\",\"isPartOf\":{\"@id\":\"https:\\\/\\\/www.klaunika.eu\\\/#website\"},\"datePublished\":\"2015-05-30T10:21:56+00:00\",\"dateModified\":\"2026-03-29T09:57:22+00:00\",\"description\":\"O Divadle Klauniky, kter\u00e9 bylo zalo\u017eeno roku 1986 p\u00e1ny Zde\u0148kem Kor\u010di\u00e1nem a Zde\u0148kem Maz\u00e1\u010dem, \u017e\u00e1ky Bolka Pol\u00edvky. Souhrn historie a p\u0159ehled nejzaj\u00edmav\u011bj\u0161\u00edch po\u010din\u016f.\",\"breadcrumb\":{\"@id\":\"https:\\\/\\\/www.klaunika.eu\\\/?page_id=26#breadcrumb\"},\"inLanguage\":\"cs\",\"potentialAction\":[{\"@type\":\"ReadAction\",\"target\":[\"https:\\\/\\\/www.klaunika.eu\\\/?page_id=26\"]}]},{\"@type\":\"BreadcrumbList\",\"@id\":\"https:\\\/\\\/www.klaunika.eu\\\/?page_id=26#breadcrumb\",\"itemListElement\":[{\"@type\":\"ListItem\",\"position\":1,\"name\":\"Dom\u016f\",\"item\":\"https:\\\/\\\/www.klaunika.eu\\\/\"},{\"@type\":\"ListItem\",\"position\":2,\"name\":\"O DIVADLE\"}]},{\"@type\":\"WebSite\",\"@id\":\"https:\\\/\\\/www.klaunika.eu\\\/#website\",\"url\":\"https:\\\/\\\/www.klaunika.eu\\\/\",\"name\":\"DIVADLO KLAUNIKY BRNO\",\"description\":\"SOUKROM\u00c1 SC\u00c9NA HUMORU\",\"publisher\":{\"@id\":\"https:\\\/\\\/www.klaunika.eu\\\/#organization\"},\"potentialAction\":[{\"@type\":\"SearchAction\",\"target\":{\"@type\":\"EntryPoint\",\"urlTemplate\":\"https:\\\/\\\/www.klaunika.eu\\\/?s={search_term_string}\"},\"query-input\":{\"@type\":\"PropertyValueSpecification\",\"valueRequired\":true,\"valueName\":\"search_term_string\"}}],\"inLanguage\":\"cs\"},{\"@type\":\"Organization\",\"@id\":\"https:\\\/\\\/www.klaunika.eu\\\/#organization\",\"name\":\"DIVADLO KLAUNIKY BRNO\",\"url\":\"https:\\\/\\\/www.klaunika.eu\\\/\",\"logo\":{\"@type\":\"ImageObject\",\"inLanguage\":\"cs\",\"@id\":\"https:\\\/\\\/www.klaunika.eu\\\/#\\\/schema\\\/logo\\\/image\\\/\",\"url\":\"https:\\\/\\\/www.klaunika.eu\\\/wp-content\\\/uploads\\\/2021\\\/11\\\/cropped-cropped-PSX_20211123_210259.jpg\",\"contentUrl\":\"https:\\\/\\\/www.klaunika.eu\\\/wp-content\\\/uploads\\\/2021\\\/11\\\/cropped-cropped-PSX_20211123_210259.jpg\",\"width\":248,\"height\":248,\"caption\":\"DIVADLO KLAUNIKY BRNO\"},\"image\":{\"@id\":\"https:\\\/\\\/www.klaunika.eu\\\/#\\\/schema\\\/logo\\\/image\\\/\"}}]}<\/script>\n<!-- \/ Yoast SEO plugin. -->","yoast_head_json":{"title":"O DIVADLE - DIVADLO KLAUNIKY BRNO","description":"O Divadle Klauniky, kter\u00e9 bylo zalo\u017eeno roku 1986 p\u00e1ny Zde\u0148kem Kor\u010di\u00e1nem a Zde\u0148kem Maz\u00e1\u010dem, \u017e\u00e1ky Bolka Pol\u00edvky. Souhrn historie a p\u0159ehled nejzaj\u00edmav\u011bj\u0161\u00edch po\u010din\u016f.","robots":{"index":"index","follow":"follow","max-snippet":"max-snippet:-1","max-image-preview":"max-image-preview:large","max-video-preview":"max-video-preview:-1"},"canonical":"https:\/\/www.klaunika.eu\/?page_id=26","og_locale":"cs_CZ","og_type":"article","og_title":"O DIVADLE - DIVADLO KLAUNIKY BRNO","og_description":"O Divadle Klauniky, kter\u00e9 bylo zalo\u017eeno roku 1986 p\u00e1ny Zde\u0148kem Kor\u010di\u00e1nem a Zde\u0148kem Maz\u00e1\u010dem, \u017e\u00e1ky Bolka Pol\u00edvky. Souhrn historie a p\u0159ehled nejzaj\u00edmav\u011bj\u0161\u00edch po\u010din\u016f.","og_url":"https:\/\/www.klaunika.eu\/?page_id=26","og_site_name":"DIVADLO KLAUNIKY BRNO","article_modified_time":"2026-03-29T09:57:22+00:00","twitter_card":"summary_large_image","twitter_misc":{"Odhadovan\u00e1 doba \u010dten\u00ed":"5 minut"},"schema":{"@context":"https:\/\/schema.org","@graph":[{"@type":"WebPage","@id":"https:\/\/www.klaunika.eu\/?page_id=26","url":"https:\/\/www.klaunika.eu\/?page_id=26","name":"O DIVADLE - DIVADLO KLAUNIKY BRNO","isPartOf":{"@id":"https:\/\/www.klaunika.eu\/#website"},"datePublished":"2015-05-30T10:21:56+00:00","dateModified":"2026-03-29T09:57:22+00:00","description":"O Divadle Klauniky, kter\u00e9 bylo zalo\u017eeno roku 1986 p\u00e1ny Zde\u0148kem Kor\u010di\u00e1nem a Zde\u0148kem Maz\u00e1\u010dem, \u017e\u00e1ky Bolka Pol\u00edvky. Souhrn historie a p\u0159ehled nejzaj\u00edmav\u011bj\u0161\u00edch po\u010din\u016f.","breadcrumb":{"@id":"https:\/\/www.klaunika.eu\/?page_id=26#breadcrumb"},"inLanguage":"cs","potentialAction":[{"@type":"ReadAction","target":["https:\/\/www.klaunika.eu\/?page_id=26"]}]},{"@type":"BreadcrumbList","@id":"https:\/\/www.klaunika.eu\/?page_id=26#breadcrumb","itemListElement":[{"@type":"ListItem","position":1,"name":"Dom\u016f","item":"https:\/\/www.klaunika.eu\/"},{"@type":"ListItem","position":2,"name":"O DIVADLE"}]},{"@type":"WebSite","@id":"https:\/\/www.klaunika.eu\/#website","url":"https:\/\/www.klaunika.eu\/","name":"DIVADLO KLAUNIKY BRNO","description":"SOUKROM\u00c1 SC\u00c9NA HUMORU","publisher":{"@id":"https:\/\/www.klaunika.eu\/#organization"},"potentialAction":[{"@type":"SearchAction","target":{"@type":"EntryPoint","urlTemplate":"https:\/\/www.klaunika.eu\/?s={search_term_string}"},"query-input":{"@type":"PropertyValueSpecification","valueRequired":true,"valueName":"search_term_string"}}],"inLanguage":"cs"},{"@type":"Organization","@id":"https:\/\/www.klaunika.eu\/#organization","name":"DIVADLO KLAUNIKY BRNO","url":"https:\/\/www.klaunika.eu\/","logo":{"@type":"ImageObject","inLanguage":"cs","@id":"https:\/\/www.klaunika.eu\/#\/schema\/logo\/image\/","url":"https:\/\/www.klaunika.eu\/wp-content\/uploads\/2021\/11\/cropped-cropped-PSX_20211123_210259.jpg","contentUrl":"https:\/\/www.klaunika.eu\/wp-content\/uploads\/2021\/11\/cropped-cropped-PSX_20211123_210259.jpg","width":248,"height":248,"caption":"DIVADLO KLAUNIKY BRNO"},"image":{"@id":"https:\/\/www.klaunika.eu\/#\/schema\/logo\/image\/"}}]}},"_links":{"self":[{"href":"https:\/\/www.klaunika.eu\/index.php?rest_route=\/wp\/v2\/pages\/26","targetHints":{"allow":["GET"]}}],"collection":[{"href":"https:\/\/www.klaunika.eu\/index.php?rest_route=\/wp\/v2\/pages"}],"about":[{"href":"https:\/\/www.klaunika.eu\/index.php?rest_route=\/wp\/v2\/types\/page"}],"author":[{"embeddable":true,"href":"https:\/\/www.klaunika.eu\/index.php?rest_route=\/wp\/v2\/users\/1"}],"replies":[{"embeddable":true,"href":"https:\/\/www.klaunika.eu\/index.php?rest_route=%2Fwp%2Fv2%2Fcomments&post=26"}],"version-history":[{"count":135,"href":"https:\/\/www.klaunika.eu\/index.php?rest_route=\/wp\/v2\/pages\/26\/revisions"}],"predecessor-version":[{"id":5978,"href":"https:\/\/www.klaunika.eu\/index.php?rest_route=\/wp\/v2\/pages\/26\/revisions\/5978"}],"wp:attachment":[{"href":"https:\/\/www.klaunika.eu\/index.php?rest_route=%2Fwp%2Fv2%2Fmedia&parent=26"}],"curies":[{"name":"wp","href":"https:\/\/api.w.org\/{rel}","templated":true}]}}