{"id":2329,"date":"2022-01-07T15:24:41","date_gmt":"2022-01-07T14:24:41","guid":{"rendered":"https:\/\/www.klaunika.eu\/?page_id=2329"},"modified":"2026-03-07T18:40:03","modified_gmt":"2026-03-07T17:40:03","slug":"poslanecke-kuriozity-aneb-momentky-ze-souziti","status":"publish","type":"page","link":"https:\/\/www.klaunika.eu\/?page_id=2329","title":{"rendered":"Poslaneck\u00e9 kuriozity aneb momentky ze sou\u017eit\u00ed"},"content":{"rendered":"\t\t<div data-elementor-type=\"wp-page\" data-elementor-id=\"2329\" class=\"elementor elementor-2329\">\n\t\t\t\t\t\t<section class=\"elementor-section elementor-top-section elementor-element elementor-element-7c09add8 elementor-section-boxed elementor-section-height-default elementor-section-height-default\" data-id=\"7c09add8\" data-element_type=\"section\" data-e-type=\"section\">\n\t\t\t\t\t\t<div class=\"elementor-container elementor-column-gap-default\">\n\t\t\t\t\t<div class=\"elementor-column elementor-col-100 elementor-top-column elementor-element elementor-element-2ae0fee5\" data-id=\"2ae0fee5\" data-element_type=\"column\" data-e-type=\"column\">\n\t\t\t<div class=\"elementor-widget-wrap elementor-element-populated\">\n\t\t\t\t\t\t<div class=\"elementor-element elementor-element-1fd1df74 elementor-widget elementor-widget-text-editor\" data-id=\"1fd1df74\" data-element_type=\"widget\" data-e-type=\"widget\" data-widget_type=\"text-editor.default\">\n\t\t\t\t<div class=\"elementor-widget-container\">\n\t\t\t\t\t\t\t\t\t<p><span style=\"font-family: arial, helvetica, sans-serif; color: #000000;\">S poslanci Strany m\u00edrn\u00e9ho pokroku v mez\u00edch z\u00e1kona tedy p\u0159\u00edrodn\u00edho spolupracujeme ji\u017e t\u00e9m\u011b\u0159 p\u011btadvacet let. Za tuto dobu se nast\u0159\u00e1dala spousta neopakovateln\u00fdch vzpom\u00ednek i slovn\u00edch kuriozit.<\/span><\/p>\n<p><span style=\"font-family: arial, helvetica, sans-serif; color: #000000;\"><!-- \/wp:paragraph --><!-- wp:paragraph --><\/span><\/p>\n<p><span style=\"font-family: arial, helvetica, sans-serif; color: #000000;\">V roce 2020 jsme vlivem vyhl\u00e1\u0161en\u00ed nouzov\u00e9ho stavu postoupili spolu s nimi izolaci na na\u0161em&nbsp;<\/span><a href=\"https:\/\/www.penzionlipuvka.eu\/\" target=\"_blank\">divadeln\u00edm penzionu<\/a><span style=\"font-family: arial, helvetica, sans-serif; color: #000000;\">&nbsp;v Jesen\u00edk\u00e1ch. Vze\u0161lo z toho n\u011bkolik nov\u00fdch inscenac\u00ed a den\u00edkov\u00e9 z\u00e1pisy, kter\u00e9 st\u00e1le dopl\u0148ujeme.<\/span><\/p>\n<p><span style=\"font-family: arial, helvetica, sans-serif; color: #000000;\"><!-- \/wp:paragraph --><!-- wp:paragraph --><\/span><\/p>\n<p><span style=\"font-family: arial, helvetica, sans-serif; color: #000000;\">Dovolte n\u00e1m, abychom se alespo\u0148 o n\u011bkter\u00e9 s V\u00e1mi pod\u011blili a Vy tak m\u011bli mo\u017enost poznat bl\u00ed\u017ee na\u0161e&nbsp;<\/span><a href=\"https:\/\/www.klaunika.eu\/?page_id=104\" target=\"_blank\">poslance<\/a><span style=\"font-family: arial, helvetica, sans-serif; color: #000000;\">:<\/span><\/p>\n<p><\/p>\n<p><!-- \/wp:paragraph --><!-- wp:paragraph --><\/p>\n<p><em>Je jaro, v\u0161ichni pracuj\u00ed na zahrad\u011b, Honza u branky. Za brankou se objev\u00ed lid\u00e9, post\u00e1vaj\u00ed a nev\u011bd\u00ed, zda mohou j\u00edt d\u00e1l. Honza stoj\u00ed, ml\u010d\u00ed a kouk\u00e1 na n\u011b. N\u00e1sledn\u011b lid\u00e9 odch\u00e1zej\u00ed. Pan\u00ed p\u0159edsedkyn\u011b n\u00e1sledn\u011b \u0159\u00edk\u00e1: \u201eHonzo, ud\u011bl\u00e1me si takov\u00fd kv\u00edz. Host\u00e9 stoj\u00ed za brankou a v\u00e1haj\u00ed.<br>Za A) Pozdrav\u00edm je a pozvu je d\u00e1l.<br>Za B) Ml\u010d\u00edm a kouk\u00e1m na n\u011b.<br>Za C) Po\u0161lu je pry\u010d, proto\u017ee my p\u0159ece \u017e\u00e1dn\u00e9 hosty nepot\u0159ebujeme.\u201c<br>Honza se dlouze zamysl\u00ed a \u0159\u00edk\u00e1: \u201eC je spr\u00e1vn\u011b.\u201c<\/em><\/p>\n<p><!-- \/wp:paragraph --><!-- wp:paragraph --><\/p>\n<p><strong><em>St\u0159eda 27.5.2020 \u2013 ve\u010der &#8211;<\/em><\/strong><br><em>Katka s Markem vzpom\u00ednaj\u00ed na Chorvatsko. Postesknou si, \u017ee tady (na Lip\u016fvce) nemaj\u00ed je\u0161t\u011b fotoalbum. Pot\u00e9 za\u010dnou vypr\u00e1v\u011bt, co je na t\u011bch fotk\u00e1ch, kter\u00e9 by si tu p\u0159\u00e1li m\u00edt a ukazovat. Popisuj\u00ed, kdo je na obr\u00e1zku (jm\u00e9no \u010dlov\u011bka a co s n\u00edm maj\u00ed spojen\u00e9), co v\u0161echno v Chorvatsku vid\u011bli i co jedli. Marek vypr\u00e1v\u00ed, \u017ee vyfotil mo\u0159skou hv\u011bzdu. Postupn\u011b, jak to s d\u016frazem a pohledem op\u0159en\u00fdm dop\u0159edu na st\u016fl opakuje, hv\u011bzda se zv\u011bt\u0161uje. Kdy\u017e sv\u016fj monolog o velikosti a kr\u00e1se hv\u011bzdy kon\u010d\u00ed, je hv\u011bzda stejn\u011b velk\u00e1, jako st\u016fl.<\/em><\/p>\n<p><!-- \/wp:paragraph --><!-- wp:paragraph --><\/p>\n<p><strong><em>\u010ctvrtek 28.5.2020<\/em><\/strong><br><em>Katka vzpom\u00edn\u00e1 na z\u00e1\u017eitek, kter\u00fd se j\u00ed stal s pra\u010dkou. Jak cht\u011bla pr\u00e1t, ale vytekla voda a ona musela volat zn\u00e1m\u00e9mu, jestli by se nep\u0159i\u0161el na ni pod\u00edvat. Vypr\u00e1v\u00ed, jak se ji poda\u0159ilo zvl\u00e1dnout tuto situaci. Ur\u010duje rozd\u00edly mezi starou a novou pra\u010dkou a pochvaluje si, v \u010dem je lep\u0161\u00ed (\u017ee u\u017e nep\u00edp\u00e1, kdy\u017e je vypr\u00e1no, jen blik\u00e1).<br>Pan re\u017eis\u00e9r j\u00ed vysv\u011btluje, \u017ee jsou p\u0159\u00edhody, kter\u00e9 jsou dobr\u00e9 na vypr\u00e1v\u011bn\u00ed, kter\u00e9 se dob\u0159e poslouchaj\u00ed, a \u0161patn\u00e9.<br>Katka vypr\u00e1v\u00ed p\u0159\u00edhodu o kohoutovi, kter\u00fd na ni za\u00fato\u010dil, p\u0159ist\u00e1l j\u00ed na hlav\u011b a za\u010dal ji klovat.<\/em><\/p>\n<p><!-- \/wp:paragraph --><!-- wp:paragraph --><\/p>\n<p><em><strong>Sobota 30.5.2020<\/strong><br>Honza Dubensk\u00fd rozn\u00e1\u0161\u00ed ob\u011bd. P\u0159inese hlavn\u00ed chod a \u0159ekne: \u201eTo je Libu\u0161ka.\u201c<\/em><\/p>\n<p><!-- \/wp:paragraph --><!-- wp:paragraph --><\/p>\n<p><em><strong>Ned\u011ble 31.5.2020<\/strong><br>Mars\u00ed poslala Honzu, aby zjistil, kolik lid\u00ed si d\u00e1 ob\u011bd.<br>\u201eKolik lid\u00ed si d\u00e1 te\u010f ob\u011bd?&#8220;<br>Honza se dlouze zad\u00edv\u00e1 a odpov\u00ed: \u201eHodn\u011b.&#8220;<\/em><\/p>\n<p><!-- \/wp:paragraph --><!-- wp:paragraph --><\/p>\n<p><em><strong>\u00dater\u00fd 2.6.2020<\/strong><br>Katka s Markem vypr\u00e1v\u011bj\u00ed sv\u00e9 z\u00e1\u017eitky z t\u00e1bora. Katka vzpom\u00edn\u00e1, jak byla pozvan\u00e1 na sportovn\u00ed odpoledne, jak tam nosila fla\u0161ky, st\u0159\u00edkala s vodou, a jak jednou zas\u00e1hla i str\u00fd\u010dka, kter\u00e9ho to odhodilo p\u0159es p\u016flku h\u0159i\u0161t\u011b.<\/em><\/p>\n<p><!-- \/wp:paragraph --><!-- wp:paragraph --><\/p>\n<p><em>Marek vzpom\u00edn\u00e1 na sr\u0161n\u011b a vosy, kter\u00e9 na\u0161li na t\u00e1bo\u0159e. Sr\u0161ni byli obrov\u0161t\u00ed, ukazuje od palce k ukazov\u00e1\u010dku. V\u0161ichni poslanci vzpom\u00ednaj\u00ed na sv\u00e9 z\u00e1\u017eitky s t\u00edmto hmyzem.<\/em><\/p>\n<p><!-- \/wp:paragraph --><!-- wp:paragraph --><\/p>\n<p><em>P\u0159i konzumaci melounu Matou\u0161 nadhod\u00ed, \u017ee mu chutn\u00e1 ohryz\u00e1vat meloun a\u017e \u00fapln\u011b ke k\u016f\u0159e. Tom\u00e1\u0161 se toho chyt\u00ed, a \u017ee \u201eje to p\u0159ece nejlep\u0161\u00ed.\u201c Vezme z tal\u00ed\u0159ku jednu k\u016frku a za\u010dne ji j\u00edst. Po chv\u00edli to odkl\u00e1d\u00e1\u2026<\/em><\/p>\n<p><!-- \/wp:paragraph --><!-- wp:paragraph --><\/p>\n<p><strong><em>\u00dater\u00fd 16.6.2020<\/em><\/strong><br><em>Honza rozn\u00e1\u0161\u00ed pol\u00e9vky \u2013 dr\u0161\u0165kovou pro pana re\u017eis\u00e9ra Zuzce. Asi po deseti minut\u00e1ch, kdy se u\u017e Zuzka pustila do pol\u00e9vky, p\u0159ed ni postavil slepi\u010d\u00ed pol\u00e9vku \u2013 cht\u011bl j\u00ed dr\u0161\u0165kovou odebrat a z t\u0159etiny sn\u011bzenou podat panu re\u017eis\u00e9rovi. \u201eNo po\u010dkej!\u201c reaguje Zuzka a nast\u00e1v\u00e1 debata, kdy se i s panem re\u017eis\u00e9rem a Honzou sna\u017e\u00ed vy\u0159e\u0161it situaci. Dojdou k z\u00e1v\u011bru, \u017ee by se m\u011bla nejd\u0159\u00edv dol\u00edt. N\u00e1sleduje dal\u0161\u00ed zmatek s jinou pol\u00e9vkou, Zuzka odch\u00e1z\u00ed do kuchyn\u011b, po chv\u00edli se vrac\u00ed s novinkou, \u017ee jej\u00ed pozd\u011bji p\u0159inesen\u00e1 slepi\u010d\u00ed, m\u011bla b\u00fdt Nadi.<\/em><\/p>\n<p><!-- \/wp:paragraph --><!-- wp:paragraph --><\/p>\n<p><em><strong>St\u0159eda 1.7.2020<br><\/strong>Ve\u010der Zuzka va\u0159\u00ed presso \u2013 p\u0159inese s obr\u00e1zkem \u201emal\u00e9ho r\u016f\u017eov\u00e9ho slona.\u201c Honza na to okam\u017eit\u011b reaguje slovy, \u017ee ho um\u00ed p\u0159edv\u00e9st. Po chv\u00edli p\u0159edv\u00e1d\u00ed i Vafku.<\/em><\/p>\n<p><!-- \/wp:paragraph --><!-- wp:paragraph --><\/p>\n<p><em>Na terasu p\u0159ich\u00e1z\u00ed skupinka host\u016f.<br>Pan\u00ed p\u0159edsedkyn\u011b: \u201eDobr\u00fd den, co si budete p\u0159\u00e1t?\u201c<br>Host\u00e9: \u201eDali bychom si n\u011bjak\u00fd ob\u011bd.\u201c<br>Ka\u010denka: \u201eFujtabl! U\u017e jsem se lekla, \u017ee se u n\u00e1s chcete ubytovat!\u201c<\/em><\/p>\n<p><!-- \/wp:paragraph --><!-- wp:paragraph --><\/p>\n<p><em>Je l\u00e9to, pln\u00e1 terasa host\u016f, poslanci obsluhuj\u00ed, rozn\u00e1\u0161ej\u00ed ob\u011bdy. N\u00e1hle p\u0159ich\u00e1z\u00ed nov\u00fd host a zept\u00e1 se Honzy: \u201eM\u00e1te otev\u0159eno?\u201c Honza ztuhne, chv\u00edli na hosta ml\u010dky kouk\u00e1 a pak zmiz\u00ed dovnit\u0159: \u201eMoni, oni se ptaj\u00ed, jestli m\u00e1me otev\u0159eno! Co jim m\u00e1m \u0159\u00edct?\u201c<\/em><\/p>\n<p><!-- \/wp:paragraph --><!-- wp:paragraph --><\/p>\n<p><em><strong>\u010ctvrtek 27.8.2020<\/strong><br>Zuzka: \u201eD\u00e1\u0161 si kafe? J\u00e1 bych ti tam ml\u00e9ko dala a ud\u011blala bych ti i n\u011bjak\u00fd obr\u00e1zek.\u201c<br>Libu\u0161: \u201eTak jo\u2026\u201c<br>Po chv\u00edli p\u0159inese Zuzka hrn\u00ed\u010dek s k\u00e1vou.<br>Libu\u0161: \u201eD\u00edky a co je to za obr\u00e1zek?\u201c<br>Zuzka: \u201eN\u011bjak\u00e1 voda\u2026\u201c<\/em><\/p>\n<p><!-- \/wp:paragraph --><!-- wp:paragraph --><\/p>\n<p><em><strong>Pond\u011bl\u00ed 28.9.2020<br><\/strong>U stole\u010dku na baru sed\u00ed Zuzka s Honz\u00edkem. Honza diktuje Zuzce pas\u00e1\u017e z kn\u00ed\u017eky (po p\u00edsmenk\u00e1ch \u2013 Zuzka to p\u00ed\u0161e do sv\u00e9ho se\u0161itu).<br>Honza: \u201ei\u201c<br>Zuzka: \u201eJak\u00fd? Dlouh\u00fd, nebo kr\u00e1tk\u00fd?\u201c<br>Honza: \u201eMil\u00e1\u010dku, klasick\u00fd.\u201c<\/em><\/p>\n<p><!-- \/wp:paragraph --><!-- wp:paragraph --><\/p>\n<p><strong><em>Sobota 28.11.2020<\/em><\/strong><br><em>Kuchyn\u011b. Honza: \u201eMoni, co je to za ho\u0159\u010dici?\u201c<br>Pan\u00ed p\u0159edsedkyn\u011b: \u201eTo je prav\u00e1 dijonsk\u00e1 a hrozn\u011b p\u00e1l\u00ed.\u201c<br>Honza: \u201eJ\u00e1 v\u00edm, my ji taky m\u00e1me doma. J\u00e1 si ji v\u017edycky d\u00e1v\u00e1m k p\u00e1rk\u016fm a hned mi te\u010de z nosu. \/z\u00e1libn\u00fd pohled na ho\u0159\u010dici.\/<br>N\u00e1sleduje ot\u00e1zka: \u201eMoni, a jak\u00fd to je?\u201c<\/em><\/p>\n<p><!-- \/wp:paragraph --><!-- wp:paragraph --><\/p>\n<p><em>Honza o andulce Merlinovi: \u201eTe\u010f zrovna j\u00ed!\u201c<br>Zuzka: \u201eTen je jak ty Honzi. J\u00eddlo je p\u0159edn\u011bj\u0161\u00ed ne\u017e \u017eena.\u201c<br>Honza odv\u011bt\u00ed: \u201e\u017deno, neodol\u00e1vej.\u201c<\/em><\/p>\n<p><!-- \/wp:paragraph --><!-- wp:paragraph --><\/p>\n<p><em><strong>Pond\u011bl\u00ed 7.12.2020<\/strong><br>Honz\u00edk v kuchyni. \u201eMoni a kdy bude v\u00e1no\u010dn\u00ed ve\u010d\u00edrek?\u201c<br>Pan\u00ed p\u0159edsedkyn\u011b: \u201eLetos asi pozd\u011bji. Asi 19.-20.\u201c<br>Honza: \u201eA kdy? V b\u0159eznu nebo\u2026\u201c<\/em><\/p>\n<p><!-- \/wp:paragraph --><!-- wp:paragraph --><\/p>\n<p><em>-Nacvi\u010dov\u00e1n\u00ed nov\u00e9 hry DonDon \u0160ajn. Zkou\u0161en\u00ed Giovanniho, \u010d\u00e1st ve\u010de\u0159e:<br>\u201eHonz\u00edku, co to znamen\u00e1 kdy\u017e m\u00e1\u0161 v textu: \u201eNelze mluvit ani p\u011bt.\u201c\u201c<br>Honza: \u201eTo je kdy\u017e se mi spojuj\u00ed synopse.\u201c<br>\u201eHonz\u00edku nekecej\u2026 Tak co v textu znamen\u00e1 p\u011bt?\u201c<br>Honza: \u201eP\u011bt \u2013 to znamen\u00e1 p\u011bt knedl\u00edk\u016f.\u201c<\/em><\/p>\n<p><!-- \/wp:paragraph --><!-- wp:paragraph --><\/p>\n<p><em><strong>P\u00e1tek 1.1.2021 \u010das: (mo\u017en\u00e1 k r\u00e1nu 2.1.2021)<\/strong><br>Honz\u00edk na pan\u00ed p\u0159edsedkyni: \u201eMoni, ty jsi n\u00e1dhern\u00e1, \u00fa\u017easn\u00e1. Kr\u00e1sn\u011b zp\u00edv\u00e1\u0161, tan\u010d\u00ed\u0161, va\u0159\u00ed\u0161, ty jsi \u00fapln\u011b nejlep\u0161\u00ed. J\u00e1 t\u011b m\u00e1m r\u00e1d\u2026 A Moni, my u\u017e m\u00e1me hlad!\u201c<\/em><\/p>\n<p><!-- \/wp:paragraph --><!-- wp:paragraph --><\/p>\n<p><em><strong>\u00dater\u00fd 16.2.2021 16:35<\/strong><br>Katka zkou\u0161\u00ed: \u201eM\u00e1m \u017eivotn\u00ed l\u00e1sku, kter\u00e1 m\u011b nikdy neopou\u0161t\u00ed a d\u00edky n\u00ed\u017e jsem se nau\u010dila c\u00edtit, plakat, milovat a\u2026\u201c<br>Matou\u0161ek jde kolem a dopl\u0148uje: \u201eA j\u00edst.&#8220;<\/em><\/p>\n<p><!-- \/wp:paragraph --><!-- wp:paragraph --><\/p>\n<p><strong><em>Pond\u011bl\u00ed 22.2.2021 22h<\/em><\/strong><br><em>Debata o tom, \u017ee setk\u00e1n\u00ed fla\u0161inet\u00e1\u0159\u016f nen\u00ed u\u017e takov\u00e9 jak\u00e9 b\u00fdvalo (v Jesen\u00edk\u00e1ch). Pan re\u017eis\u00e9r: \u201eSetk\u00e1n\u00ed fla\u0161inet\u00e1\u0159\u016f, \u0161koda, \u017ee tam nebyla K\u00e1\u0165a. Zuzi, v\u00ed\u0161 kter\u00e1?\u201c<br>Zuzka: \u201eJo, Proke\u0161ov\u00e1.\u201c<br>Pan re\u017eis\u00e9r: \u201eA v\u00ed\u0161 pro\u010d?\u201c<br>Zuzka: \u201eProto\u017ee je vedouc\u00ed\u2026\u201c (sm\u011bny)<br>Honza: \u201e A m\u00e1 p\u0159\u00edtele vrcholov\u00e9ho sportovce.\u201c<br>Pan re\u017eis\u00e9r: \u201eA jak sportuje? Je b\u011b\u017eec?\u201c<br>Honza: \u201eNe, on je vrcholov\u00fd sportovec.\u201c<\/em><\/p>\n<p><!-- \/wp:paragraph --><!-- wp:paragraph --><\/p>\n<p><em><strong>Sobota 20.3.2021, 18:11<\/strong><br>Katka s Markem vypl\u0148uj\u00ed formul\u00e1\u0159 z NIPOSU ke statistice festivalu.<br>Katka: \u201eV\u00ed\u0161 co nech\u00e1pu? Pro\u010d se tam neptaj\u00ed i na to, kolik se prodalo t\u011bch placek!&#8220;<br>Libu\u0161: \u201eAle Ka\u010di, oni se tam na to ptaj\u00ed\u2026&#8220;<br>Pan re\u017eis\u00e9r: \u201eT\u0159eba k tomu je\u0161t\u011b dojde\u0161. T\u0159eba to je na dal\u0161\u00ed str\u00e1nce\u2026&#8220;<br>Ka\u010denka se sklon\u00ed nad formul\u00e1\u0159em a kouk\u00e1 do n\u011bj. Po chv\u00edli: \u201eCo to vlastn\u011b hled\u00e1m?&#8220;<br>Marek: \u201ePo\u010det t\u011bch vstupenek\u2026&#8220;<\/em><\/p>\n<p><!-- \/wp:paragraph --><!-- wp:paragraph --><\/p>\n<p><em><strong>Sobota 15.5.2021 22:05<\/strong><br>Zuzka: \u201eTy bys m\u011b klidn\u011b vym\u011bnil za j\u00eddlo\u2026\u201c<br>Honza poklekne p\u0159ed Zuzkou: \u201e\u017de t\u011b tady vyzn\u00e1m jako R\u00f3mea?!\u201c<\/em><\/p>\n<p><!-- \/wp:paragraph --><!-- wp:paragraph --><\/p>\n<p><em>Tom\u00e1\u0161 se rozhodl, \u017ee bude prod\u00e1vat placky za 30,- K\u010d.<br>Po chv\u00edli: \u201e..Jestli lidi budou m\u00edt\u2026\u201c<br>\u201eAle budou.\u201c<br>Zuzka: \u201eMoji rodi\u010de asi budou m\u00edt\u2026\u201c<br>Honza: \u201eMoji i za 15,- K\u010d.\u201c<\/em><\/p>\n<p><!-- \/wp:paragraph --><!-- wp:paragraph --><\/p>\n<p><strong><em>\u00dater\u00fd 20.7.2021 v 16:53<\/em><\/strong><br><em>Zuzanka p\u0159inese presso s obr\u00e1zkem: \u201eV\u00ed\u0161, co tam m\u00e1\u0161? M\u00e9ho psa, abys vid\u011bla jak vypad\u00e1!\u201c<\/em><\/p>\n<p><!-- \/wp:paragraph --><!-- wp:paragraph --><\/p>\n<p><em>Honz\u00edk sepisuje sn\u00eddan\u011b: \u201e3 PAKA MICH. VAJA SE V\u0160IM I&#8220;<br>Marc\u00ed lu\u0161t\u00ed l\u00edstek: \u201eT\u0159i paka m\u00edchan\u00e1 vaj\u00ed\u010dka se v\u0161\u00edm &#8211; no Honzo, co to je?\u201c<br>Honz\u00edk odpov\u00edd\u00e1: \u201eJ\u00e1 to p\u00ed\u0161u d\u016fsledn\u011b!&#8220;&nbsp;<\/em><\/p>\n<p><!-- \/wp:paragraph --><!-- wp:paragraph --><\/p>\n<p><em><strong>St\u0159eda 21.7.2021 22:xx<\/strong><\/em><br><em>Honz\u00edk si \u010depuje kvasnicov\u00e9 pivo. \u201eO piv\u011b se zp\u00edv\u00e1 i v jedn\u00e9 p\u00edsni\u010dce. Vi\u010f Libu\u0161ko?&#8220;<br>\u201eNo jasn\u011b Honz\u00edku\u2026&#8220;<br>Honza: \u201eAle v kter\u00e9\u2026 j\u00e1 mysl\u00edm, \u017ee to zp\u00edv\u00e1 ten\u2026 k-komtur.&#8220; (V p\u0159ekladu \u00e1rie Dona Giovanniho od Rudolfa Von\u00e1ska se toti\u017e p\u00ed\u0161e: \u201eK tomuto kvasu jsi m\u011b pozval a j\u00e1 jsem p\u0159i\u0161el\u2026&#8220;)<\/em><\/p>\n<p><!-- \/wp:paragraph --><!-- wp:paragraph --><\/p>\n<p><em><strong>\u010ctvrtek 23.9.2021 19:30<\/strong><br>\u201eCo ti lidi nevymysl\u00ed, \u017ee? No to je n\u00e1dhera.\u201c Marek p\u0159i pohledu na morov\u00fd sloup v Olomouci.<\/em><\/p>\n<p><!-- \/wp:paragraph --><!-- wp:paragraph --><\/p>\n<p><em><strong>Pond\u011bl\u00ed 27.9.2021 22:01<\/strong><br>Po p\u0159edstaven\u00ed DonDon \u0160ajn na M\u00edrovce. Hovo\u0159\u00edme s div\u00e1kem\/m\u00edstn\u00edm kucha\u0159em. Najednou k n\u011bmu p\u0159ijde Honz\u00edk a pod\u00e1 mu ruku: \u201eM\u00e1\u0161 velkou \u010dest, j\u00e1 jsem taky \u0161\u00e9fkucha\u0159!&#8220;<\/em><\/p>\n<p><!-- \/wp:paragraph --><!-- wp:paragraph --><\/p>\n<p><strong><em>Sobota 30.10.2021 11:11<\/em><\/strong><br><em>Marek po pauze jde pokra\u010dovat v p\u0159en\u00e1\u0161en\u00ed uhl\u00ed do kotelny tzv.: &#8222;na uhl\u00ed&#8220;<br>Marek: \u201eTak j\u00e1 jdu pokra\u010dovat v krasoj\u00edzd\u011b.&#8220;<\/em><\/p>\n<p><!-- \/wp:paragraph --><!-- wp:paragraph --><\/p>\n<p><em><strong>\u010ctvrtek 30.12.2021 14:35<\/strong><br>Pan\u00ed p\u0159edsedkyn\u011b: \u201eMarku takov\u00fd surrealistick\u00fd v\u011b\u0161\u00e1k je sice p\u011bkn\u00fd, ale celkem k ni\u010demu.&#8220;&nbsp;<br>Marek: \u201eJe to blb\u00e9, \u017ee?&#8220;&nbsp;<\/em><\/p>\n<p><!-- \/wp:paragraph --><!-- wp:image {\"align\":\"center\",\"id\":2340,\"width\":302,\"height\":653,\"sizeSlug\":\"large\",\"linkDestination\":\"media\"} --><\/p>\n<div class=\"wp-block-image\">\n<figure class=\"aligncenter size-large is-resized\"><a href=\"https:\/\/www.klaunika.eu\/wp-content\/uploads\/2022\/01\/markuv-vesak.jpg\"><img fetchpriority=\"high\" decoding=\"async\" class=\"wp-image-2340\" src=\"https:\/\/www.klaunika.eu\/wp-content\/uploads\/2022\/01\/markuv-vesak-473x1024.jpg\" alt=\"\" width=\"302\" height=\"653\" srcset=\"https:\/\/www.klaunika.eu\/wp-content\/uploads\/2022\/01\/markuv-vesak-473x1024.jpg 473w, https:\/\/www.klaunika.eu\/wp-content\/uploads\/2022\/01\/markuv-vesak.jpg 649w\" sizes=\"(max-width: 302px) 100vw, 302px\" \/><\/a><\/figure>\n<\/div>\n<p><!-- \/wp:image --><!-- wp:quote --><\/p>\n<blockquote class=\"wp-block-quote\">\n<p><em>Z Kroniky odposlech\u016f poslanc\u016f Strany m\u00edrn\u00e9ho pokroku v mez\u00edch z\u00e1kona tedy p\u0159\u00edrodn\u00edho<\/em><\/p>\n<\/blockquote>\n<p><!-- \/wp:quote --><\/p>\t\t\t\t\t\t\t\t<\/div>\n\t\t\t\t<\/div>\n\t\t\t\t\t<\/div>\n\t\t<\/div>\n\t\t\t\t\t<\/div>\n\t\t<\/section>\n\t\t\t\t<\/div>\n\t\t","protected":false},"excerpt":{"rendered":"<p>S poslanci Strany m\u00edrn\u00e9ho pokroku v mez\u00edch z\u00e1kona tedy p\u0159\u00edrodn\u00edho spolupracujeme ji\u017e t\u00e9m\u011b\u0159 p\u011btadvacet let. Za tuto dobu se nast\u0159\u00e1dala spousta neopakovateln\u00fdch vzpom\u00ednek i slovn\u00edch kuriozit. V roce 2020 jsme vlivem vyhl\u00e1\u0161en\u00ed nouzov\u00e9ho stavu postoupili spolu s nimi izolaci na na\u0161em&nbsp;divadeln\u00edm penzionu&nbsp;v Jesen\u00edk\u00e1ch. Vze\u0161lo z toho n\u011bkolik nov\u00fdch inscenac\u00ed a den\u00edkov\u00e9 z\u00e1pisy, kter\u00e9 st\u00e1le dopl\u0148ujeme. [&hellip;]<\/p>\n","protected":false},"author":1,"featured_media":0,"parent":0,"menu_order":0,"comment_status":"closed","ping_status":"closed","template":"","meta":{"footnotes":""},"class_list":["post-2329","page","type-page","status-publish","hentry"],"yoast_head":"<!-- This site is optimized with the Yoast SEO plugin v27.5 - https:\/\/yoast.com\/product\/yoast-seo-wordpress\/ -->\n<title>Poslaneck\u00e9 kuriozity aneb momentky ze sou\u017eit\u00ed - DIVADLO KLAUNIKY BRNO<\/title>\n<meta name=\"robots\" content=\"index, follow, max-snippet:-1, max-image-preview:large, max-video-preview:-1\" \/>\n<link rel=\"canonical\" href=\"https:\/\/www.klaunika.eu\/?page_id=2329\" \/>\n<meta property=\"og:locale\" content=\"cs_CZ\" \/>\n<meta property=\"og:type\" content=\"article\" \/>\n<meta property=\"og:title\" content=\"Poslaneck\u00e9 kuriozity aneb momentky ze sou\u017eit\u00ed - DIVADLO KLAUNIKY BRNO\" \/>\n<meta property=\"og:description\" content=\"S poslanci Strany m\u00edrn\u00e9ho pokroku v mez\u00edch z\u00e1kona tedy p\u0159\u00edrodn\u00edho spolupracujeme ji\u017e t\u00e9m\u011b\u0159 p\u011btadvacet let. Za tuto dobu se nast\u0159\u00e1dala spousta neopakovateln\u00fdch vzpom\u00ednek i slovn\u00edch kuriozit. V roce 2020 jsme vlivem vyhl\u00e1\u0161en\u00ed nouzov\u00e9ho stavu postoupili spolu s nimi izolaci na na\u0161em&nbsp;divadeln\u00edm penzionu&nbsp;v Jesen\u00edk\u00e1ch. Vze\u0161lo z toho n\u011bkolik nov\u00fdch inscenac\u00ed a den\u00edkov\u00e9 z\u00e1pisy, kter\u00e9 st\u00e1le dopl\u0148ujeme. [&hellip;]\" \/>\n<meta property=\"og:url\" content=\"https:\/\/www.klaunika.eu\/?page_id=2329\" \/>\n<meta property=\"og:site_name\" content=\"DIVADLO KLAUNIKY BRNO\" \/>\n<meta property=\"article:modified_time\" content=\"2026-03-07T17:40:03+00:00\" \/>\n<meta property=\"og:image\" content=\"https:\/\/www.klaunika.eu\/wp-content\/uploads\/2022\/01\/markuv-vesak.jpg\" \/>\n\t<meta property=\"og:image:width\" content=\"649\" \/>\n\t<meta property=\"og:image:height\" content=\"1406\" \/>\n\t<meta property=\"og:image:type\" content=\"image\/jpeg\" \/>\n<meta name=\"twitter:card\" content=\"summary_large_image\" \/>\n<meta name=\"twitter:label1\" content=\"Odhadovan\u00e1 doba \u010dten\u00ed\" \/>\n\t<meta name=\"twitter:data1\" content=\"8 minut\" \/>\n<script type=\"application\/ld+json\" class=\"yoast-schema-graph\">{\"@context\":\"https:\\\/\\\/schema.org\",\"@graph\":[{\"@type\":\"WebPage\",\"@id\":\"https:\\\/\\\/www.klaunika.eu\\\/?page_id=2329\",\"url\":\"https:\\\/\\\/www.klaunika.eu\\\/?page_id=2329\",\"name\":\"Poslaneck\u00e9 kuriozity aneb momentky ze sou\u017eit\u00ed - DIVADLO KLAUNIKY BRNO\",\"isPartOf\":{\"@id\":\"https:\\\/\\\/www.klaunika.eu\\\/#website\"},\"primaryImageOfPage\":{\"@id\":\"https:\\\/\\\/www.klaunika.eu\\\/?page_id=2329#primaryimage\"},\"image\":{\"@id\":\"https:\\\/\\\/www.klaunika.eu\\\/?page_id=2329#primaryimage\"},\"thumbnailUrl\":\"https:\\\/\\\/www.klaunika.eu\\\/wp-content\\\/uploads\\\/2022\\\/01\\\/markuv-vesak-473x1024.jpg\",\"datePublished\":\"2022-01-07T14:24:41+00:00\",\"dateModified\":\"2026-03-07T17:40:03+00:00\",\"breadcrumb\":{\"@id\":\"https:\\\/\\\/www.klaunika.eu\\\/?page_id=2329#breadcrumb\"},\"inLanguage\":\"cs\",\"potentialAction\":[{\"@type\":\"ReadAction\",\"target\":[\"https:\\\/\\\/www.klaunika.eu\\\/?page_id=2329\"]}]},{\"@type\":\"ImageObject\",\"inLanguage\":\"cs\",\"@id\":\"https:\\\/\\\/www.klaunika.eu\\\/?page_id=2329#primaryimage\",\"url\":\"https:\\\/\\\/www.klaunika.eu\\\/wp-content\\\/uploads\\\/2022\\\/01\\\/markuv-vesak-473x1024.jpg\",\"contentUrl\":\"https:\\\/\\\/www.klaunika.eu\\\/wp-content\\\/uploads\\\/2022\\\/01\\\/markuv-vesak-473x1024.jpg\"},{\"@type\":\"BreadcrumbList\",\"@id\":\"https:\\\/\\\/www.klaunika.eu\\\/?page_id=2329#breadcrumb\",\"itemListElement\":[{\"@type\":\"ListItem\",\"position\":1,\"name\":\"Dom\u016f\",\"item\":\"https:\\\/\\\/www.klaunika.eu\\\/\"},{\"@type\":\"ListItem\",\"position\":2,\"name\":\"Poslaneck\u00e9 kuriozity aneb momentky ze sou\u017eit\u00ed\"}]},{\"@type\":\"WebSite\",\"@id\":\"https:\\\/\\\/www.klaunika.eu\\\/#website\",\"url\":\"https:\\\/\\\/www.klaunika.eu\\\/\",\"name\":\"DIVADLO KLAUNIKY BRNO\",\"description\":\"SOUKROM\u00c1 SC\u00c9NA HUMORU\",\"publisher\":{\"@id\":\"https:\\\/\\\/www.klaunika.eu\\\/#organization\"},\"potentialAction\":[{\"@type\":\"SearchAction\",\"target\":{\"@type\":\"EntryPoint\",\"urlTemplate\":\"https:\\\/\\\/www.klaunika.eu\\\/?s={search_term_string}\"},\"query-input\":{\"@type\":\"PropertyValueSpecification\",\"valueRequired\":true,\"valueName\":\"search_term_string\"}}],\"inLanguage\":\"cs\"},{\"@type\":\"Organization\",\"@id\":\"https:\\\/\\\/www.klaunika.eu\\\/#organization\",\"name\":\"DIVADLO KLAUNIKY BRNO\",\"url\":\"https:\\\/\\\/www.klaunika.eu\\\/\",\"logo\":{\"@type\":\"ImageObject\",\"inLanguage\":\"cs\",\"@id\":\"https:\\\/\\\/www.klaunika.eu\\\/#\\\/schema\\\/logo\\\/image\\\/\",\"url\":\"https:\\\/\\\/www.klaunika.eu\\\/wp-content\\\/uploads\\\/2021\\\/11\\\/cropped-cropped-PSX_20211123_210259.jpg\",\"contentUrl\":\"https:\\\/\\\/www.klaunika.eu\\\/wp-content\\\/uploads\\\/2021\\\/11\\\/cropped-cropped-PSX_20211123_210259.jpg\",\"width\":248,\"height\":248,\"caption\":\"DIVADLO KLAUNIKY BRNO\"},\"image\":{\"@id\":\"https:\\\/\\\/www.klaunika.eu\\\/#\\\/schema\\\/logo\\\/image\\\/\"}}]}<\/script>\n<!-- \/ Yoast SEO plugin. -->","yoast_head_json":{"title":"Poslaneck\u00e9 kuriozity aneb momentky ze sou\u017eit\u00ed - DIVADLO KLAUNIKY BRNO","robots":{"index":"index","follow":"follow","max-snippet":"max-snippet:-1","max-image-preview":"max-image-preview:large","max-video-preview":"max-video-preview:-1"},"canonical":"https:\/\/www.klaunika.eu\/?page_id=2329","og_locale":"cs_CZ","og_type":"article","og_title":"Poslaneck\u00e9 kuriozity aneb momentky ze sou\u017eit\u00ed - DIVADLO KLAUNIKY BRNO","og_description":"S poslanci Strany m\u00edrn\u00e9ho pokroku v mez\u00edch z\u00e1kona tedy p\u0159\u00edrodn\u00edho spolupracujeme ji\u017e t\u00e9m\u011b\u0159 p\u011btadvacet let. Za tuto dobu se nast\u0159\u00e1dala spousta neopakovateln\u00fdch vzpom\u00ednek i slovn\u00edch kuriozit. V roce 2020 jsme vlivem vyhl\u00e1\u0161en\u00ed nouzov\u00e9ho stavu postoupili spolu s nimi izolaci na na\u0161em&nbsp;divadeln\u00edm penzionu&nbsp;v Jesen\u00edk\u00e1ch. Vze\u0161lo z toho n\u011bkolik nov\u00fdch inscenac\u00ed a den\u00edkov\u00e9 z\u00e1pisy, kter\u00e9 st\u00e1le dopl\u0148ujeme. [&hellip;]","og_url":"https:\/\/www.klaunika.eu\/?page_id=2329","og_site_name":"DIVADLO KLAUNIKY BRNO","article_modified_time":"2026-03-07T17:40:03+00:00","og_image":[{"width":649,"height":1406,"url":"https:\/\/www.klaunika.eu\/wp-content\/uploads\/2022\/01\/markuv-vesak.jpg","type":"image\/jpeg"}],"twitter_card":"summary_large_image","twitter_misc":{"Odhadovan\u00e1 doba \u010dten\u00ed":"8 minut"},"schema":{"@context":"https:\/\/schema.org","@graph":[{"@type":"WebPage","@id":"https:\/\/www.klaunika.eu\/?page_id=2329","url":"https:\/\/www.klaunika.eu\/?page_id=2329","name":"Poslaneck\u00e9 kuriozity aneb momentky ze sou\u017eit\u00ed - DIVADLO KLAUNIKY BRNO","isPartOf":{"@id":"https:\/\/www.klaunika.eu\/#website"},"primaryImageOfPage":{"@id":"https:\/\/www.klaunika.eu\/?page_id=2329#primaryimage"},"image":{"@id":"https:\/\/www.klaunika.eu\/?page_id=2329#primaryimage"},"thumbnailUrl":"https:\/\/www.klaunika.eu\/wp-content\/uploads\/2022\/01\/markuv-vesak-473x1024.jpg","datePublished":"2022-01-07T14:24:41+00:00","dateModified":"2026-03-07T17:40:03+00:00","breadcrumb":{"@id":"https:\/\/www.klaunika.eu\/?page_id=2329#breadcrumb"},"inLanguage":"cs","potentialAction":[{"@type":"ReadAction","target":["https:\/\/www.klaunika.eu\/?page_id=2329"]}]},{"@type":"ImageObject","inLanguage":"cs","@id":"https:\/\/www.klaunika.eu\/?page_id=2329#primaryimage","url":"https:\/\/www.klaunika.eu\/wp-content\/uploads\/2022\/01\/markuv-vesak-473x1024.jpg","contentUrl":"https:\/\/www.klaunika.eu\/wp-content\/uploads\/2022\/01\/markuv-vesak-473x1024.jpg"},{"@type":"BreadcrumbList","@id":"https:\/\/www.klaunika.eu\/?page_id=2329#breadcrumb","itemListElement":[{"@type":"ListItem","position":1,"name":"Dom\u016f","item":"https:\/\/www.klaunika.eu\/"},{"@type":"ListItem","position":2,"name":"Poslaneck\u00e9 kuriozity aneb momentky ze sou\u017eit\u00ed"}]},{"@type":"WebSite","@id":"https:\/\/www.klaunika.eu\/#website","url":"https:\/\/www.klaunika.eu\/","name":"DIVADLO KLAUNIKY BRNO","description":"SOUKROM\u00c1 SC\u00c9NA HUMORU","publisher":{"@id":"https:\/\/www.klaunika.eu\/#organization"},"potentialAction":[{"@type":"SearchAction","target":{"@type":"EntryPoint","urlTemplate":"https:\/\/www.klaunika.eu\/?s={search_term_string}"},"query-input":{"@type":"PropertyValueSpecification","valueRequired":true,"valueName":"search_term_string"}}],"inLanguage":"cs"},{"@type":"Organization","@id":"https:\/\/www.klaunika.eu\/#organization","name":"DIVADLO KLAUNIKY BRNO","url":"https:\/\/www.klaunika.eu\/","logo":{"@type":"ImageObject","inLanguage":"cs","@id":"https:\/\/www.klaunika.eu\/#\/schema\/logo\/image\/","url":"https:\/\/www.klaunika.eu\/wp-content\/uploads\/2021\/11\/cropped-cropped-PSX_20211123_210259.jpg","contentUrl":"https:\/\/www.klaunika.eu\/wp-content\/uploads\/2021\/11\/cropped-cropped-PSX_20211123_210259.jpg","width":248,"height":248,"caption":"DIVADLO KLAUNIKY BRNO"},"image":{"@id":"https:\/\/www.klaunika.eu\/#\/schema\/logo\/image\/"}}]}},"_links":{"self":[{"href":"https:\/\/www.klaunika.eu\/index.php?rest_route=\/wp\/v2\/pages\/2329","targetHints":{"allow":["GET"]}}],"collection":[{"href":"https:\/\/www.klaunika.eu\/index.php?rest_route=\/wp\/v2\/pages"}],"about":[{"href":"https:\/\/www.klaunika.eu\/index.php?rest_route=\/wp\/v2\/types\/page"}],"author":[{"embeddable":true,"href":"https:\/\/www.klaunika.eu\/index.php?rest_route=\/wp\/v2\/users\/1"}],"replies":[{"embeddable":true,"href":"https:\/\/www.klaunika.eu\/index.php?rest_route=%2Fwp%2Fv2%2Fcomments&post=2329"}],"version-history":[{"count":16,"href":"https:\/\/www.klaunika.eu\/index.php?rest_route=\/wp\/v2\/pages\/2329\/revisions"}],"predecessor-version":[{"id":5930,"href":"https:\/\/www.klaunika.eu\/index.php?rest_route=\/wp\/v2\/pages\/2329\/revisions\/5930"}],"wp:attachment":[{"href":"https:\/\/www.klaunika.eu\/index.php?rest_route=%2Fwp%2Fv2%2Fmedia&parent=2329"}],"curies":[{"name":"wp","href":"https:\/\/api.w.org\/{rel}","templated":true}]}}